{"id":209,"date":"2018-05-15T14:49:33","date_gmt":"2018-05-15T12:49:51","guid":{"rendered":"https:\/\/www.leo-stift.de\/pflege\/?page_id=209"},"modified":"2022-07-14T12:10:56","modified_gmt":"2022-07-14T10:10:56","slug":"beschaeftigung-und-betreuung","status":"publish","type":"page","link":"https:\/\/www.leo-stift.de\/pflege\/beschaeftigung-und-betreuung\/","title":{"rendered":"Besch\u00e4ftigung und Betreuung"},"content":{"rendered":"[mk_page_section bg_image=&#8220;https:\/\/www.leo-stift.de\/pflege\/wp-content\/uploads\/2018\/05\/170.jpg&#8220; bg_position=&#8220;center center&#8220; bg_repeat=&#8220;no-repeat&#8220; bg_stretch=&#8220;true&#8220; min_height=&#8220;400&#8243; skip_arrow=&#8220;true&#8220; sidebar=&#8220;sidebar-1&#8243;][vc_column][\/vc_column][\/mk_page_section][vc_row][vc_column][mk_padding_divider size=&#8220;100&#8243;][\/vc_column][\/vc_row][vc_row][vc_column width=&#8220;1\/2&#8243;][mk_fancy_title tag_name=&#8220;h1&#8243; size=&#8220;28&#8243; margin_bottom=&#8220;0&#8243; font_family=&#8220;none&#8220;]Besch\u00e4ftigungsangebote[\/mk_fancy_title][vc_column_text css=&#8220;.vc_custom_1526453117557{margin-bottom: 0px !important;}&#8220;]\n<h2 align=\"left\"><\/h2>\n<p align=\"justify\">Wir haben speziell geschultes Personal f\u00fcr den Bereich &#8222;Besch\u00e4ftigung&#8220; und &#8222;Tagesstruktur&#8220;. Wir halten es f\u00fcr sehr wichtig, dass unsere Bewohner &#8211; wenn sie m\u00f6chten &#8211; die M\u00f6glichkeit haben, an gemeinschaftlichen Tagesaktivit\u00e4ten teilzunehmen. Nicht jeden Tag, aber doch regelm\u00e4\u00dfig und mit viel Herz und Liebe. Im Haus stehen Mehrzweckr\u00e4ume, K\u00fcchen und Freizeitr\u00e4ume zum Basteln, Backen und Kochen zur Verf\u00fcgung. Hier braucht sich niemand langweilen oder einfach nur auf das n\u00e4chste Essen zu warten. Hier wird das Erinnerungsverm\u00f6gen und das Ged\u00e4chtnis trainiert. Hier kann man Spa\u00df haben, wenn man will, frei nach dem Motto: &#8222;Wer rastet, der rostet&#8220;. Kleine Spielchen geh\u00f6ren genauso dazu wie das gemeinsame Zeitunglesen, Basteleien mit Papier und Pappe oder das gemeinsame Singen.<\/p>\n[\/vc_column_text][\/vc_column][vc_column width=&#8220;1\/2&#8243;][mk_padding_divider size=&#8220;50&#8243;][mk_image_slideshow images=&#8220;243,239,238,236,237,235,234,233,232,231,230,229,228&#8243;][\/vc_column][\/vc_row][vc_row fullwidth=&#8220;true&#8220;][vc_column][mk_padding_divider size=&#8220;75&#8243;][mk_divider style=&#8220;thin_solid&#8220;][mk_padding_divider size=&#8220;75&#8243;][\/vc_column][\/vc_row][vc_row][vc_column width=&#8220;1\/2&#8243;][mk_padding_divider size=&#8220;50&#8243;][mk_image_slideshow images=&#8220;251,252,253,254,255,256,257,258&#8243;][\/vc_column][vc_column width=&#8220;1\/2&#8243;][mk_fancy_title size=&#8220;28&#8243; margin_bottom=&#8220;0&#8243; font_family=&#8220;none&#8220;]Koch- und Backgruppe[\/mk_fancy_title][vc_column_text css=&#8220;.vc_custom_1526453202322{margin-bottom: 0px !important;}&#8220;]\n<h2 align=\"left\"><\/h2>\n<p align=\"justify\">Die Mahlzeiten spielen im Leben unserer Bewohner eine gro\u00dfe Rolle. Daher legen wir besonders viel Wert darauf, sie an der Vorbereitung teilhaben zu lassen. In der regelm\u00e4\u00dfig stattfindenden Koch- und Backgruppe werden Kartoffeln gesch\u00e4lt, Zwiebeln gew\u00fcrfelt, Apfelkuchen gebacken und Fleisch gebrutzelt, dass es nur so eine Freude ist. Jeder der Lust und Laune hat, kann mitmachen. Die Gruppe wird selbstverst\u00e4ndlich professionell angeleitet, so dass nichts schief geht und die Pl\u00e4tzchen sp\u00e4ter auch schmecken. Hier ist niemand alleine oder einsam. Hier haben alle Spa\u00df miteinander und jeder kann seine guten Tipps und Tricks aus vergangenen Tagen einbringen. Omas alte hausgemachte Tipps sind n\u00e4mlich immer noch die besten! Und nat\u00fcrlich wird im Anschluss an die gemeinsame Vorbereitung, zusammen gegessen.<\/p>\n[\/vc_column_text][\/vc_column][\/vc_row][vc_row fullwidth=&#8220;true&#8220;][vc_column][mk_padding_divider size=&#8220;75&#8243;][mk_divider style=&#8220;thin_solid&#8220;][mk_padding_divider size=&#8220;75&#8243;][\/vc_column][\/vc_row][vc_row][vc_column width=&#8220;1\/2&#8243;][mk_fancy_title size=&#8220;28&#8243; margin_bottom=&#8220;0&#8243; font_family=&#8220;none&#8220;]Freizeitangebote[\/mk_fancy_title][vc_column_text css=&#8220;.vc_custom_1526453223167{margin-bottom: 0px !important;}&#8220;]\n<h2 align=\"left\"><\/h2>\n<p align=\"justify\">Es werden im St. Leo-Stift unterschiedliche Freizeitgestaltungsm\u00f6glichkeiten angeboten. Viele finden direkt im Haus oder im Garten statt, andere wiederum in Verbindung mit regionalen Angeboten aus der Ortschaft oder den umliegenden Gemeinden (z.B. Theatervorstellungen auf l\u00e4ndlichen Kleinb\u00fchnen, Fahrten zu Blumen- oder Gartenausstellungen oder auch zu den Weihnachtsm\u00e4rkten). Uns stehen ein PKW und ein Bulli als Transportmittel zur Verf\u00fcgung. F\u00fcr gr\u00f6\u00dfere Unternehmungen wird nat\u00fcrlich ein Bus bestellt.<\/p>\n[\/vc_column_text][\/vc_column][vc_column width=&#8220;1\/2&#8243;][mk_padding_divider size=&#8220;50&#8243;][mk_image_slideshow images=&#8220;261,262,263,264,265,266,267&#8243;][\/vc_column][\/vc_row][vc_row fullwidth=&#8220;true&#8220;][vc_column][mk_padding_divider size=&#8220;75&#8243;][mk_divider style=&#8220;thin_solid&#8220;][mk_padding_divider size=&#8220;75&#8243;][\/vc_column][\/vc_row][vc_row][vc_column width=&#8220;1\/2&#8243;][mk_padding_divider size=&#8220;50&#8243;][mk_image_slideshow images=&#8220;268,269,270&#8243;][\/vc_column][vc_column width=&#8220;1\/2&#8243;][mk_fancy_title size=&#8220;28&#8243; margin_bottom=&#8220;0&#8243; font_family=&#8220;none&#8220;]Lese-Ecken[\/mk_fancy_title][vc_column_text css=&#8220;.vc_custom_1526453254839{margin-bottom: 0px !important;}&#8220;]\n<p align=\"left\">Wir haben mehrere kleine Lese-Ecken eingerichtet, die st\u00e4ndig erweitert werden. Hier findet man alle Arten von Literatur: Krimis, alte Liebes- und Westernromane, Gedichte, M\u00e4rchen, Fach- und Sachb\u00fccher, Arztromane, Reiseberichte und Heldensagen.<\/p>\n[\/vc_column_text][\/vc_column][\/vc_row][vc_row fullwidth=&#8220;true&#8220;][vc_column][mk_padding_divider size=&#8220;75&#8243;][mk_divider style=&#8220;thin_solid&#8220;][mk_padding_divider size=&#8220;75&#8243;][\/vc_column][\/vc_row][vc_row][vc_column width=&#8220;1\/2&#8243;][mk_fancy_title size=&#8220;28&#8243; margin_bottom=&#8220;0&#8243; font_family=&#8220;none&#8220;]Gottesdienste[\/mk_fancy_title][vc_column_text css=&#8220;.vc_custom_1526453280482{margin-bottom: 0px !important;}&#8220;]\n<p align=\"left\">In unserer Haus-Kapelle finden regelm\u00e4\u00dfig katholische Gottesdienste statt, zu ganz besonderen Anl\u00e4ssen sogar manchmal unter freiem Himmel im Garten. Ebenso findet das evangelische Abendmahl regelm\u00e4\u00dfig statt. Wir akzeptieren die religi\u00f6sen Einstellungen unserer Bewohner ohne &#8222;wenn und aber&#8220;.<\/p>\n[\/vc_column_text][\/vc_column][vc_column width=&#8220;1\/2&#8243;][mk_padding_divider size=&#8220;50&#8243;][mk_image_slideshow images=&#8220;271,272,273,274,275,276&#8243;][\/vc_column][\/vc_row][vc_row fullwidth=&#8220;true&#8220;][vc_column][mk_padding_divider size=&#8220;75&#8243;][mk_divider style=&#8220;thin_solid&#8220;][mk_padding_divider size=&#8220;75&#8243;][\/vc_column][\/vc_row][vc_row][vc_column width=&#8220;1\/2&#8243;][mk_padding_divider size=&#8220;50&#8243;][mk_image_slideshow images=&#8220;277,278,279,280&#8243;][\/vc_column][vc_column width=&#8220;1\/2&#8243;][mk_fancy_title size=&#8220;28&#8243; margin_bottom=&#8220;0&#8243; font_family=&#8220;none&#8220;]Snoezelen-Raum[\/mk_fancy_title][vc_column_text css=&#8220;.vc_custom_1526453313155{margin-bottom: 0px !important;}&#8220;]\n<p align=\"justify\">Wir haben einen besonderen Raum eingerichtet, der sich \u00b4Snoezelen-Raum\u00b4 nennt. Das aus den Niederlanden stammende Konzept des \u00b4Snoezelen\u00b4 (sprich: snuseln) wurde Ende der 70-er Jahre entwickelt, um Menschen mit sensorischen St\u00f6rungen und anderen Behinderungen ad\u00e4quate Freizeit- und Erholungsm\u00f6glichkeiten anbieten zu k\u00f6nnen. Hierbei geht es vornehmlich um multisensorische Reizeinwirkungen und Anregung der Sinne in einer eigens daf\u00fcr eingerichteten Umgebung (ruhige Atmosph\u00e4re, gesch\u00fctzter Raum, M\u00f6glichkeit der audiovisuellen Reize usw.). Das Wort \u00b4Snoezelen\u00b4 setzt sich aus den beiden niederl\u00e4ndischen Verben \u00b4snuffelen\u00b4 (riechen, schn\u00fcffeln) und \u00b4doezelen\u00b4 (ruhen, d\u00f6sen) zusammen.<\/p>\n<p align=\"justify\">Der speziell eingerichte \u00b4Snoezelen-Raum\u00b4 ist von st\u00f6renden Umwelteinfl\u00fcssen abgetrennt, ist freundlich eingerichtet und regt mit Hilfe von Lichteffekten, Ger\u00e4uschen und Musik, Ger\u00fcchen, f\u00fchl- und tastbaren Materialien, Farben und \u00e4hnlichen anregenden Materialien zur Sinneswahrnehmung an, und zwar in einer ruhigen Atmosph\u00e4re ohne Ablenkung durch die Reiz\u00fcberflutung des Alltags.<\/p>\n<p align=\"justify\">Ausf\u00fchrliche Infos kann man im Internet finden (z.B. unter <a href=\"http:\/\/snoezelen-stiftung.de\" target=\"_blank\" rel=\"noopener\">snoezelen-stiftung.de<\/a>).<\/p>\n[\/vc_column_text][\/vc_column][\/vc_row][vc_row fullwidth=&#8220;true&#8220;][vc_column][mk_padding_divider size=&#8220;75&#8243;][\/vc_column][\/vc_row]\n","protected":false},"excerpt":{"rendered":"<p>[mk_page_section bg_image=&#8220;https:\/\/www.leo-stift.de\/pflege\/wp-content\/uploads\/2018\/05\/170.jpg&#8220; bg_position=&#8220;center center&#8220; bg_repeat=&#8220;no-repeat&#8220; bg_stretch=&#8220;true&#8220; min_height=&#8220;400&#8243; skip_arrow=&#8220;true&#8220; sidebar=&#8220;sidebar-1&#8243;][vc_column][\/vc_column][\/mk_page_section][vc_row][vc_column][mk_padding_divider size=&#8220;100&#8243;][\/vc_column][\/vc_row][vc_row][vc_column width=&#8220;1\/2&#8243;][mk_fancy_title tag_name=&#8220;h1&#8243; size=&#8220;28&#8243; margin_bottom=&#8220;0&#8243; font_family=&#8220;none&#8220;]Besch\u00e4ftigungsangebote[\/mk_fancy_title][vc_column_text css=&#8220;.vc_custom_1526453117557{margin-bottom: 0px !important;}&#8220;] Wir haben speziell geschultes Personal f\u00fcr den Bereich &#8222;Besch\u00e4ftigung&#8220; und &#8222;Tagesstruktur&#8220;. Wir halten es f\u00fcr sehr wichtig, dass unsere Bewohner &#8211; wenn sie m\u00f6chten &#8211; die M\u00f6glichkeit haben, an gemeinschaftlichen Tagesaktivit\u00e4ten teilzunehmen. Nicht jeden Tag, aber doch [&hellip;]<\/p>\n","protected":false},"author":1,"featured_media":0,"parent":0,"menu_order":3,"comment_status":"closed","ping_status":"closed","template":"sitemap-template.php","meta":{"footnotes":""},"class_list":["post-209","page","type-page","status-publish","hentry"],"yoast_head":"<!-- This site is optimized with the Yoast SEO plugin v18.2 - https:\/\/yoast.com\/wordpress\/plugins\/seo\/ -->\n<title>Besch\u00e4ftigung und Betreuung | St. Leo-Stift gemeinn\u00fctzige GmbH<\/title>\n<meta name=\"robots\" content=\"index, follow, max-snippet:-1, max-image-preview:large, max-video-preview:-1\" \/>\n<link rel=\"canonical\" href=\"https:\/\/www.leo-stift.de\/pflege\/beschaeftigung-und-betreuung\/\" \/>\n<meta property=\"og:locale\" content=\"de_DE\" \/>\n<meta property=\"og:type\" content=\"article\" \/>\n<meta property=\"og:title\" content=\"Besch\u00e4ftigung und Betreuung | St. Leo-Stift gemeinn\u00fctzige GmbH\" \/>\n<meta property=\"og:description\" content=\"[mk_page_section bg_image=&#8220;https:\/\/www.leo-stift.de\/pflege\/wp-content\/uploads\/2018\/05\/170.jpg&#8220; bg_position=&#8220;center center&#8220; bg_repeat=&#8220;no-repeat&#8220; bg_stretch=&#8220;true&#8220; min_height=&#8220;400&#8243; skip_arrow=&#8220;true&#8220; sidebar=&#8220;sidebar-1&#8243;][vc_column][\/vc_column][\/mk_page_section][vc_row][vc_column][mk_padding_divider size=&#8220;100&#8243;][\/vc_column][\/vc_row][vc_row][vc_column width=&#8220;1\/2&#8243;][mk_fancy_title tag_name=&#8220;h1&#8243; size=&#8220;28&#8243; margin_bottom=&#8220;0&#8243; font_family=&#8220;none&#8220;]Besch\u00e4ftigungsangebote[\/mk_fancy_title][vc_column_text css=&#8220;.vc_custom_1526453117557{margin-bottom: 0px !important;}&#8220;] Wir haben speziell geschultes Personal f\u00fcr den Bereich &#8222;Besch\u00e4ftigung&#8220; und &#8222;Tagesstruktur&#8220;. Wir halten es f\u00fcr sehr wichtig, dass unsere Bewohner &#8211; wenn sie m\u00f6chten &#8211; die M\u00f6glichkeit haben, an gemeinschaftlichen Tagesaktivit\u00e4ten teilzunehmen. Nicht jeden Tag, aber doch [&hellip;]\" \/>\n<meta property=\"og:url\" content=\"https:\/\/www.leo-stift.de\/pflege\/beschaeftigung-und-betreuung\/\" \/>\n<meta property=\"og:site_name\" content=\"St. Leo-Stift gemeinn\u00fctzige GmbH\" \/>\n<meta property=\"article:modified_time\" content=\"2022-07-14T10:10:56+00:00\" \/>\n<meta name=\"twitter:card\" content=\"summary_large_image\" \/>\n<meta name=\"twitter:label1\" content=\"Gesch\u00e4tzte Lesezeit\" \/>\n\t<meta name=\"twitter:data1\" content=\"5\u00a0Minuten\" \/>\n<script type=\"application\/ld+json\" class=\"yoast-schema-graph\">{\"@context\":\"https:\/\/schema.org\",\"@graph\":[{\"@type\":\"Organization\",\"@id\":\"https:\/\/www.leo-stift.de\/pflege\/#organization\",\"name\":\"St. Leo-Stift gemeinn\u00fctzige GmbH\",\"url\":\"https:\/\/www.leo-stift.de\/pflege\/\",\"sameAs\":[],\"logo\":{\"@type\":\"ImageObject\",\"@id\":\"https:\/\/www.leo-stift.de\/pflege\/#logo\",\"inLanguage\":\"de\",\"url\":\"https:\/\/www.leo-stift.de\/pflege\/wp-content\/uploads\/2018\/05\/logo.png\",\"contentUrl\":\"https:\/\/www.leo-stift.de\/pflege\/wp-content\/uploads\/2018\/05\/logo.png\",\"width\":1223,\"height\":287,\"caption\":\"St. Leo-Stift gemeinn\u00fctzige GmbH\"},\"image\":{\"@id\":\"https:\/\/www.leo-stift.de\/pflege\/#logo\"}},{\"@type\":\"WebSite\",\"@id\":\"https:\/\/www.leo-stift.de\/pflege\/#website\",\"url\":\"https:\/\/www.leo-stift.de\/pflege\/\",\"name\":\"St. Leo-Stift gemeinn\u00fctzige GmbH\",\"description\":\"Herzlich Willkommen\",\"publisher\":{\"@id\":\"https:\/\/www.leo-stift.de\/pflege\/#organization\"},\"potentialAction\":[{\"@type\":\"SearchAction\",\"target\":{\"@type\":\"EntryPoint\",\"urlTemplate\":\"https:\/\/www.leo-stift.de\/pflege\/?s={search_term_string}\"},\"query-input\":\"required name=search_term_string\"}],\"inLanguage\":\"de\"},{\"@type\":\"WebPage\",\"@id\":\"https:\/\/www.leo-stift.de\/pflege\/beschaeftigung-und-betreuung\/#webpage\",\"url\":\"https:\/\/www.leo-stift.de\/pflege\/beschaeftigung-und-betreuung\/\",\"name\":\"Besch\u00e4ftigung und Betreuung | St. Leo-Stift gemeinn\u00fctzige GmbH\",\"isPartOf\":{\"@id\":\"https:\/\/www.leo-stift.de\/pflege\/#website\"},\"datePublished\":\"2018-05-15T12:49:51+00:00\",\"dateModified\":\"2022-07-14T10:10:56+00:00\",\"breadcrumb\":{\"@id\":\"https:\/\/www.leo-stift.de\/pflege\/beschaeftigung-und-betreuung\/#breadcrumb\"},\"inLanguage\":\"de\",\"potentialAction\":[{\"@type\":\"ReadAction\",\"target\":[\"https:\/\/www.leo-stift.de\/pflege\/beschaeftigung-und-betreuung\/\"]}]},{\"@type\":\"BreadcrumbList\",\"@id\":\"https:\/\/www.leo-stift.de\/pflege\/beschaeftigung-und-betreuung\/#breadcrumb\",\"itemListElement\":[{\"@type\":\"ListItem\",\"position\":1,\"name\":\"Startseite\",\"item\":\"https:\/\/www.leo-stift.de\/pflege\/\"},{\"@type\":\"ListItem\",\"position\":2,\"name\":\"Besch\u00e4ftigung und Betreuung\"}]}]}<\/script>\n<!-- \/ Yoast SEO plugin. -->","yoast_head_json":{"title":"Besch\u00e4ftigung und Betreuung | St. Leo-Stift gemeinn\u00fctzige GmbH","robots":{"index":"index","follow":"follow","max-snippet":"max-snippet:-1","max-image-preview":"max-image-preview:large","max-video-preview":"max-video-preview:-1"},"canonical":"https:\/\/www.leo-stift.de\/pflege\/beschaeftigung-und-betreuung\/","og_locale":"de_DE","og_type":"article","og_title":"Besch\u00e4ftigung und Betreuung | St. Leo-Stift gemeinn\u00fctzige GmbH","og_description":"[mk_page_section bg_image=&#8220;https:\/\/www.leo-stift.de\/pflege\/wp-content\/uploads\/2018\/05\/170.jpg&#8220; bg_position=&#8220;center center&#8220; bg_repeat=&#8220;no-repeat&#8220; bg_stretch=&#8220;true&#8220; min_height=&#8220;400&#8243; skip_arrow=&#8220;true&#8220; sidebar=&#8220;sidebar-1&#8243;][vc_column][\/vc_column][\/mk_page_section][vc_row][vc_column][mk_padding_divider size=&#8220;100&#8243;][\/vc_column][\/vc_row][vc_row][vc_column width=&#8220;1\/2&#8243;][mk_fancy_title tag_name=&#8220;h1&#8243; size=&#8220;28&#8243; margin_bottom=&#8220;0&#8243; font_family=&#8220;none&#8220;]Besch\u00e4ftigungsangebote[\/mk_fancy_title][vc_column_text css=&#8220;.vc_custom_1526453117557{margin-bottom: 0px !important;}&#8220;] Wir haben speziell geschultes Personal f\u00fcr den Bereich &#8222;Besch\u00e4ftigung&#8220; und &#8222;Tagesstruktur&#8220;. Wir halten es f\u00fcr sehr wichtig, dass unsere Bewohner &#8211; wenn sie m\u00f6chten &#8211; die M\u00f6glichkeit haben, an gemeinschaftlichen Tagesaktivit\u00e4ten teilzunehmen. Nicht jeden Tag, aber doch [&hellip;]","og_url":"https:\/\/www.leo-stift.de\/pflege\/beschaeftigung-und-betreuung\/","og_site_name":"St. Leo-Stift gemeinn\u00fctzige GmbH","article_modified_time":"2022-07-14T10:10:56+00:00","twitter_card":"summary_large_image","twitter_misc":{"Gesch\u00e4tzte Lesezeit":"5\u00a0Minuten"},"schema":{"@context":"https:\/\/schema.org","@graph":[{"@type":"Organization","@id":"https:\/\/www.leo-stift.de\/pflege\/#organization","name":"St. Leo-Stift gemeinn\u00fctzige GmbH","url":"https:\/\/www.leo-stift.de\/pflege\/","sameAs":[],"logo":{"@type":"ImageObject","@id":"https:\/\/www.leo-stift.de\/pflege\/#logo","inLanguage":"de","url":"https:\/\/www.leo-stift.de\/pflege\/wp-content\/uploads\/2018\/05\/logo.png","contentUrl":"https:\/\/www.leo-stift.de\/pflege\/wp-content\/uploads\/2018\/05\/logo.png","width":1223,"height":287,"caption":"St. Leo-Stift gemeinn\u00fctzige GmbH"},"image":{"@id":"https:\/\/www.leo-stift.de\/pflege\/#logo"}},{"@type":"WebSite","@id":"https:\/\/www.leo-stift.de\/pflege\/#website","url":"https:\/\/www.leo-stift.de\/pflege\/","name":"St. Leo-Stift gemeinn\u00fctzige GmbH","description":"Herzlich Willkommen","publisher":{"@id":"https:\/\/www.leo-stift.de\/pflege\/#organization"},"potentialAction":[{"@type":"SearchAction","target":{"@type":"EntryPoint","urlTemplate":"https:\/\/www.leo-stift.de\/pflege\/?s={search_term_string}"},"query-input":"required name=search_term_string"}],"inLanguage":"de"},{"@type":"WebPage","@id":"https:\/\/www.leo-stift.de\/pflege\/beschaeftigung-und-betreuung\/#webpage","url":"https:\/\/www.leo-stift.de\/pflege\/beschaeftigung-und-betreuung\/","name":"Besch\u00e4ftigung und Betreuung | St. Leo-Stift gemeinn\u00fctzige GmbH","isPartOf":{"@id":"https:\/\/www.leo-stift.de\/pflege\/#website"},"datePublished":"2018-05-15T12:49:51+00:00","dateModified":"2022-07-14T10:10:56+00:00","breadcrumb":{"@id":"https:\/\/www.leo-stift.de\/pflege\/beschaeftigung-und-betreuung\/#breadcrumb"},"inLanguage":"de","potentialAction":[{"@type":"ReadAction","target":["https:\/\/www.leo-stift.de\/pflege\/beschaeftigung-und-betreuung\/"]}]},{"@type":"BreadcrumbList","@id":"https:\/\/www.leo-stift.de\/pflege\/beschaeftigung-und-betreuung\/#breadcrumb","itemListElement":[{"@type":"ListItem","position":1,"name":"Startseite","item":"https:\/\/www.leo-stift.de\/pflege\/"},{"@type":"ListItem","position":2,"name":"Besch\u00e4ftigung und Betreuung"}]}]}},"_links":{"self":[{"href":"https:\/\/www.leo-stift.de\/pflege\/wp-json\/wp\/v2\/pages\/209","targetHints":{"allow":["GET"]}}],"collection":[{"href":"https:\/\/www.leo-stift.de\/pflege\/wp-json\/wp\/v2\/pages"}],"about":[{"href":"https:\/\/www.leo-stift.de\/pflege\/wp-json\/wp\/v2\/types\/page"}],"author":[{"embeddable":true,"href":"https:\/\/www.leo-stift.de\/pflege\/wp-json\/wp\/v2\/users\/1"}],"replies":[{"embeddable":true,"href":"https:\/\/www.leo-stift.de\/pflege\/wp-json\/wp\/v2\/comments?post=209"}],"version-history":[{"count":21,"href":"https:\/\/www.leo-stift.de\/pflege\/wp-json\/wp\/v2\/pages\/209\/revisions"}],"predecessor-version":[{"id":518,"href":"https:\/\/www.leo-stift.de\/pflege\/wp-json\/wp\/v2\/pages\/209\/revisions\/518"}],"wp:attachment":[{"href":"https:\/\/www.leo-stift.de\/pflege\/wp-json\/wp\/v2\/media?parent=209"}],"curies":[{"name":"wp","href":"https:\/\/api.w.org\/{rel}","templated":true}]}}