{"id":198,"date":"2018-05-15T14:45:33","date_gmt":"2018-05-15T12:45:33","guid":{"rendered":"https:\/\/www.leo-stift.de\/pflege\/pflegekonzept\/"},"modified":"2018-05-29T12:59:51","modified_gmt":"2018-05-29T10:59:51","slug":"pflegekonzept","status":"publish","type":"page","link":"https:\/\/www.leo-stift.de\/pflege\/die-einrichtung\/pflegekonzept\/","title":{"rendered":"Pflegekonzept"},"content":{"rendered":"[vc_row][vc_column][mk_padding_divider size=&#8220;120&#8243;][\/vc_column][\/vc_row][vc_row][vc_column width=&#8220;1\/2&#8243;][mk_fancy_title tag_name=&#8220;h1&#8243; color=&#8220;#454545&#8243; size=&#8220;35&#8243; force_font_size=&#8220;true&#8220; size_phone=&#8220;30&#8243; font_weight=&#8220;300&#8243; txt_transform=&#8220;none&#8220; margin_bottom=&#8220;0&#8243; font_family=&#8220;none&#8220; responsive_align=&#8220;left&#8220;]Unser Pflegekonzept[\/mk_fancy_title][vc_column_text disable_pattern=&#8220;false&#8220; css=&#8220;.vc_custom_1526393581729{margin-bottom: 0px !important;}&#8220;]Im Vordergrund unserer Arbeit steht der Mensch in seinem jeweiligen Lebensabschnitt. \u00a0Wir bieten pflegebed\u00fcrftigen und altersverwirrten (dementen) Menschen ein \u00b4Zuhause\u00b4. Unser Ziel ist es, dass sich alle unsere Bewohner wohl und sicher bei uns f\u00fchlen. Dabei sind wir uns der Einzigartigkeit eines jeden Menschen bewusst und respektieren in diesem Sinne die individuellen k\u00f6rperlichen, seelischen und sozialen Besonderheiten unserer Bewohner.<\/p>\n<p>Unserer Arbeit liegt das folgende Verst\u00e4ndnis von Pflege und Betreuung der Bewohner zugrunde:[\/vc_column_text][\/vc_column][vc_column width=&#8220;1\/2&#8243;][mk_padding_divider size=&#8220;62&#8243;][mk_image src=&#8220;https:\/\/www.leo-stift.de\/pflege\/wp-content\/uploads\/2018\/05\/sommerfest1.jpg&#8220;][\/vc_column][\/vc_row][vc_row][vc_column][mk_padding_divider size=&#8220;120&#8243;][\/vc_column][\/vc_row][vc_row][vc_column width=&#8220;1\/4&#8243;][mk_custom_box el_class=&#8220;border-item matchHeight&#8220; background_hov_color_style=&#8220;image&#8220; elevation_effect=&#8220;true&#8220;][mk_fancy_title color=&#8220;#dd3333&#8243; size=&#8220;34&#8243; font_family=&#8220;none&#8220; align=&#8220;center&#8220;]1[\/mk_fancy_title][vc_column_text css=&#8220;.vc_custom_1526393661411{margin-bottom: 0px !important;}&#8220;]\n<p style=\"text-align: center;\">Im Vordergrund stehen f\u00fcr uns die individuellen Bed\u00fcrfnisse und Gewohnheiten unserer \u00a0Bewohner. Sie werden von uns respektiert und ernst genommen.<\/p>\n[\/vc_column_text][\/mk_custom_box][\/vc_column][vc_column width=&#8220;1\/4&#8243;][mk_custom_box el_class=&#8220;border-item matchHeight&#8220; background_hov_color_style=&#8220;image&#8220; elevation_effect=&#8220;true&#8220;][mk_fancy_title color=&#8220;#dd3333&#8243; size=&#8220;34&#8243; font_family=&#8220;none&#8220; align=&#8220;center&#8220;]2[\/mk_fancy_title][vc_column_text css=&#8220;.vc_custom_1526393666609{margin-bottom: 0px !important;}&#8220;]\n<p style=\"text-align: center;\">Unser Pflegeleitbild orientiert sich am Prinzip der Ganzheitlichkeit unserer Bewohner. Dabei werden die Angeh\u00f6rigen und Bezugspersonen in die Entscheidungsprozesse mit einbezogen.<\/p>\n[\/vc_column_text][\/mk_custom_box][\/vc_column][vc_column width=&#8220;1\/4&#8243;][mk_custom_box el_class=&#8220;border-item matchHeight&#8220; background_hov_color_style=&#8220;image&#8220; elevation_effect=&#8220;true&#8220;][mk_fancy_title color=&#8220;#dd3333&#8243; size=&#8220;34&#8243; font_family=&#8220;none&#8220; align=&#8220;center&#8220;]3[\/mk_fancy_title][vc_column_text css=&#8220;.vc_custom_1526393674105{margin-bottom: 0px !important;}&#8220;]\n<p style=\"text-align: center;\">Unsere Pflege beinhaltet nicht nur die Beratung, Betreuung und Versorgung unserer Bewohner, sondern koordiniert zudem das Zusammenwirken anderer am Pflegeprozess beteiligter Personen (Haus- und Fach \u00e4rzte, Krankengymnasten, Ergotherapeuten usw.).<\/p>\n[\/vc_column_text][\/mk_custom_box][\/vc_column][vc_column width=&#8220;1\/4&#8243;][mk_custom_box el_class=&#8220;border-item matchHeight&#8220; background_hov_color_style=&#8220;image&#8220; elevation_effect=&#8220;true&#8220;][mk_fancy_title color=&#8220;#dd3333&#8243; size=&#8220;34&#8243; font_family=&#8220;none&#8220; align=&#8220;center&#8220;]4[\/mk_fancy_title][vc_column_text css=&#8220;.vc_custom_1526393680691{margin-bottom: 0px !important;}&#8220;]\n<p style=\"text-align: center;\">Wir wollen die individuellen Kompetenzen und F\u00e4higkeiten so lange wie m\u00f6glich erhalten und damit eine hohe Lebensqualit\u00e4t f\u00fcr unsere Bewohner sichern.<\/p>\n[\/vc_column_text][\/mk_custom_box][\/vc_column][\/vc_row][vc_row][vc_column width=&#8220;1\/4&#8243;][mk_custom_box el_class=&#8220;border-item matchHeight&#8220; background_hov_color_style=&#8220;image&#8220; elevation_effect=&#8220;true&#8220;][mk_fancy_title color=&#8220;#dd3333&#8243; size=&#8220;34&#8243; font_family=&#8220;none&#8220; align=&#8220;center&#8220;]5[\/mk_fancy_title][vc_column_text css=&#8220;.vc_custom_1526393688843{margin-bottom: 0px !important;}&#8220;]\n<p style=\"text-align: center;\">Die Teilnahme am sozialen, gesellschaftlichen und kulturellen Leben in der Gemeinschaft und auch in der Gemeinde wird von uns unterst\u00fctzt und gef\u00f6rdert.<\/p>\n[\/vc_column_text][\/mk_custom_box][\/vc_column][vc_column width=&#8220;1\/4&#8243;][mk_custom_box el_class=&#8220;border-item matchHeight&#8220; background_hov_color_style=&#8220;image&#8220; elevation_effect=&#8220;true&#8220;][mk_fancy_title color=&#8220;#dd3333&#8243; size=&#8220;34&#8243; font_family=&#8220;none&#8220; align=&#8220;center&#8220;]6[\/mk_fancy_title][vc_column_text css=&#8220;.vc_custom_1526393695074{margin-bottom: 0px !important;}&#8220;]\n<p style=\"text-align: center;\">Wir erm\u00f6glichen ein menschenw\u00fcrdiges Sterben und beziehen die Angeh\u00f6rigen und Bezugspersonen mit ein. Ein Priester kann auf Wunsch jederzeit erreicht werden.<\/p>\n[\/vc_column_text][\/mk_custom_box][\/vc_column][vc_column width=&#8220;1\/4&#8243;][mk_custom_box el_class=&#8220;border-item matchHeight&#8220; background_hov_color_style=&#8220;image&#8220; elevation_effect=&#8220;true&#8220;][mk_fancy_title color=&#8220;#dd3333&#8243; size=&#8220;34&#8243; font_family=&#8220;none&#8220; align=&#8220;center&#8220;]7[\/mk_fancy_title][vc_column_text css=&#8220;.vc_custom_1526393702871{margin-bottom: 0px !important;}&#8220;]\n<p style=\"text-align: center;\">Jeder Bewohner ist aufgefordert, sein bzw. ihr Recht auf Mitbestimmung und Mitverantwortung in unserer Pflegeeinrichtung wahrzunehmen.<\/p>\n[\/vc_column_text][\/mk_custom_box][\/vc_column][vc_column width=&#8220;1\/4&#8243;][mk_custom_box el_class=&#8220;border-item matchHeight&#8220; background_hov_color_style=&#8220;image&#8220; elevation_effect=&#8220;true&#8220;][mk_fancy_title color=&#8220;#dd3333&#8243; size=&#8220;34&#8243; font_family=&#8220;none&#8220; align=&#8220;center&#8220;]8[\/mk_fancy_title][vc_column_text css=&#8220;.vc_custom_1526393710398{margin-bottom: 0px !important;}&#8220;]\n<p style=\"text-align: center;\">Die Teilnahme an Fort- und Weiterbildungen ist f\u00fcr alle Mitarbeiter in einer sich st\u00e4ndig ver\u00e4nderden Arbeitswelt selbstverst\u00e4ndlich. Die Erweiterung des fachlichen Wissens und die F\u00e4higkeit, selbst\u00e4ndiges und koordiniertes Handeln im Arbeitsalltag umzusetzen, wird durch Forbildungsma\u00dfnahmen sichergestellt.<\/p>\n[\/vc_column_text][\/mk_custom_box][\/vc_column][\/vc_row][vc_row][vc_column width=&#8220;1\/4&#8243;][mk_custom_box el_class=&#8220;border-item matchHeight&#8220; background_hov_color_style=&#8220;image&#8220; elevation_effect=&#8220;true&#8220;][mk_fancy_title color=&#8220;#dd3333&#8243; size=&#8220;34&#8243; font_family=&#8220;none&#8220; align=&#8220;center&#8220;]9[\/mk_fancy_title][vc_column_text css=&#8220;.vc_custom_1526393719325{margin-bottom: 0px !important;}&#8220;]\n<p style=\"text-align: center;\">Bei all dem orientieren wir uns an dem Pflegemodell von Monika Krohwinkel mit ihren 13 AEDL (&#8222;Aktivit\u00e4ten und existentielle Erfahrungen des Lebens&#8220;).<\/p>\n[\/vc_column_text][\/mk_custom_box][\/vc_column][vc_column width=&#8220;1\/4&#8243;][mk_custom_box el_class=&#8220;border-item matchHeight&#8220; background_hov_color_style=&#8220;image&#8220; elevation_effect=&#8220;true&#8220;][mk_fancy_title color=&#8220;#dd3333&#8243; size=&#8220;34&#8243; font_family=&#8220;none&#8220; align=&#8220;center&#8220;]10[\/mk_fancy_title][vc_column_text css=&#8220;.vc_custom_1526393727436{margin-bottom: 0px !important;}&#8220;]\n<p style=\"text-align: center;\">Diese Grunds\u00e4tze unserer Einrichtung werden durch den Einsatz engagierter Mitarbeiter getragen.<\/p>\n[\/vc_column_text][\/mk_custom_box][\/vc_column][vc_column width=&#8220;1\/4&#8243;][\/vc_column][vc_column width=&#8220;1\/4&#8243;][\/vc_column][\/vc_row][vc_row][vc_column][mk_padding_divider size=&#8220;60&#8243;][\/vc_column][\/vc_row][vc_row fullwidth=&#8220;true&#8220; attached=&#8220;true&#8220;][vc_column width=&#8220;1\/2&#8243;][mk_image src=&#8220;https:\/\/www.leo-stift.de\/pflege\/wp-content\/uploads\/2017\/01\/customers-bg-01.jpg&#8220; image_size=&#8220;full&#8220; margin_bottom=&#8220;0&#8243;][\/vc_column][vc_column width=&#8220;1\/2&#8243;][mk_image src=&#8220;https:\/\/www.leo-stift.de\/pflege\/wp-content\/uploads\/2017\/01\/customers-bg-02.jpg&#8220; image_size=&#8220;full&#8220; margin_bottom=&#8220;0&#8243;][\/vc_column][\/vc_row][vc_row][vc_column][mk_padding_divider size=&#8220;120&#8243;][\/vc_column][\/vc_row][vc_row][vc_column][mk_fancy_title tag_name=&#8220;h3&#8243; color=&#8220;#454545&#8243; size=&#8220;35&#8243; force_font_size=&#8220;true&#8220; size_phone=&#8220;20&#8243; font_weight=&#8220;300&#8243; margin_bottom=&#8220;10&#8243; font_family=&#8220;none&#8220; align=&#8220;center&#8220;]Haben Sie Fragen?[\/mk_fancy_title][mk_button dimension=&#8220;flat&#8220; corner_style=&#8220;full_rounded&#8220; size=&#8220;medium&#8220; url=&#8220;kontakt&#8220; align=&#8220;center&#8220; margin_bottom=&#8220;0&#8243; margin_right=&#8220;0&#8243; bg_color=&#8220;#addcc9&#8243;]ZUM KONTAKT[\/mk_button][\/vc_column][\/vc_row][vc_row][vc_column][mk_padding_divider size=&#8220;120&#8243;][\/vc_column][\/vc_row]\n","protected":false},"excerpt":{"rendered":"<p>[vc_row][vc_column][mk_padding_divider size=&#8220;120&#8243;][\/vc_column][\/vc_row][vc_row][vc_column width=&#8220;1\/2&#8243;][mk_fancy_title tag_name=&#8220;h1&#8243; color=&#8220;#454545&#8243; size=&#8220;35&#8243; force_font_size=&#8220;true&#8220; size_phone=&#8220;30&#8243; font_weight=&#8220;300&#8243; txt_transform=&#8220;none&#8220; margin_bottom=&#8220;0&#8243; font_family=&#8220;none&#8220; responsive_align=&#8220;left&#8220;]Unser Pflegekonzept[\/mk_fancy_title][vc_column_text disable_pattern=&#8220;false&#8220; css=&#8220;.vc_custom_1526393581729{margin-bottom: 0px !important;}&#8220;]Im Vordergrund unserer Arbeit steht der Mensch in seinem jeweiligen Lebensabschnitt. \u00a0Wir bieten pflegebed\u00fcrftigen und altersverwirrten (dementen) Menschen ein \u00b4Zuhause\u00b4. Unser Ziel ist es, dass sich alle unsere Bewohner wohl und sicher bei uns f\u00fchlen. Dabei sind wir [&hellip;]<\/p>\n","protected":false},"author":1,"featured_media":0,"parent":196,"menu_order":1,"comment_status":"closed","ping_status":"closed","template":"","meta":{"footnotes":""},"class_list":["post-198","page","type-page","status-publish","hentry"],"yoast_head":"<!-- This site is optimized with the Yoast SEO plugin v18.2 - https:\/\/yoast.com\/wordpress\/plugins\/seo\/ -->\n<title>Pflegekonzept | St. Leo-Stift gemeinn\u00fctzige GmbH<\/title>\n<meta name=\"robots\" content=\"index, follow, max-snippet:-1, max-image-preview:large, max-video-preview:-1\" \/>\n<link rel=\"canonical\" href=\"https:\/\/www.leo-stift.de\/pflege\/die-einrichtung\/pflegekonzept\/\" \/>\n<meta property=\"og:locale\" content=\"de_DE\" \/>\n<meta property=\"og:type\" content=\"article\" \/>\n<meta property=\"og:title\" content=\"Pflegekonzept | St. Leo-Stift gemeinn\u00fctzige GmbH\" \/>\n<meta property=\"og:description\" content=\"[vc_row][vc_column][mk_padding_divider size=&#8220;120&#8243;][\/vc_column][\/vc_row][vc_row][vc_column width=&#8220;1\/2&#8243;][mk_fancy_title tag_name=&#8220;h1&#8243; color=&#8220;#454545&#8243; size=&#8220;35&#8243; force_font_size=&#8220;true&#8220; size_phone=&#8220;30&#8243; font_weight=&#8220;300&#8243; txt_transform=&#8220;none&#8220; margin_bottom=&#8220;0&#8243; font_family=&#8220;none&#8220; responsive_align=&#8220;left&#8220;]Unser Pflegekonzept[\/mk_fancy_title][vc_column_text disable_pattern=&#8220;false&#8220; css=&#8220;.vc_custom_1526393581729{margin-bottom: 0px !important;}&#8220;]Im Vordergrund unserer Arbeit steht der Mensch in seinem jeweiligen Lebensabschnitt. \u00a0Wir bieten pflegebed\u00fcrftigen und altersverwirrten (dementen) Menschen ein \u00b4Zuhause\u00b4. Unser Ziel ist es, dass sich alle unsere Bewohner wohl und sicher bei uns f\u00fchlen. Dabei sind wir [&hellip;]\" \/>\n<meta property=\"og:url\" content=\"https:\/\/www.leo-stift.de\/pflege\/die-einrichtung\/pflegekonzept\/\" \/>\n<meta property=\"og:site_name\" content=\"St. Leo-Stift gemeinn\u00fctzige GmbH\" \/>\n<meta property=\"article:modified_time\" content=\"2018-05-29T10:59:51+00:00\" \/>\n<meta name=\"twitter:card\" content=\"summary_large_image\" \/>\n<meta name=\"twitter:label1\" content=\"Gesch\u00e4tzte Lesezeit\" \/>\n\t<meta name=\"twitter:data1\" content=\"5\u00a0Minuten\" \/>\n<script type=\"application\/ld+json\" class=\"yoast-schema-graph\">{\"@context\":\"https:\/\/schema.org\",\"@graph\":[{\"@type\":\"Organization\",\"@id\":\"https:\/\/www.leo-stift.de\/pflege\/#organization\",\"name\":\"St. Leo-Stift gemeinn\u00fctzige GmbH\",\"url\":\"https:\/\/www.leo-stift.de\/pflege\/\",\"sameAs\":[],\"logo\":{\"@type\":\"ImageObject\",\"@id\":\"https:\/\/www.leo-stift.de\/pflege\/#logo\",\"inLanguage\":\"de\",\"url\":\"https:\/\/www.leo-stift.de\/pflege\/wp-content\/uploads\/2018\/05\/logo.png\",\"contentUrl\":\"https:\/\/www.leo-stift.de\/pflege\/wp-content\/uploads\/2018\/05\/logo.png\",\"width\":1223,\"height\":287,\"caption\":\"St. Leo-Stift gemeinn\u00fctzige GmbH\"},\"image\":{\"@id\":\"https:\/\/www.leo-stift.de\/pflege\/#logo\"}},{\"@type\":\"WebSite\",\"@id\":\"https:\/\/www.leo-stift.de\/pflege\/#website\",\"url\":\"https:\/\/www.leo-stift.de\/pflege\/\",\"name\":\"St. Leo-Stift gemeinn\u00fctzige GmbH\",\"description\":\"Herzlich Willkommen\",\"publisher\":{\"@id\":\"https:\/\/www.leo-stift.de\/pflege\/#organization\"},\"potentialAction\":[{\"@type\":\"SearchAction\",\"target\":{\"@type\":\"EntryPoint\",\"urlTemplate\":\"https:\/\/www.leo-stift.de\/pflege\/?s={search_term_string}\"},\"query-input\":\"required name=search_term_string\"}],\"inLanguage\":\"de\"},{\"@type\":\"WebPage\",\"@id\":\"https:\/\/www.leo-stift.de\/pflege\/die-einrichtung\/pflegekonzept\/#webpage\",\"url\":\"https:\/\/www.leo-stift.de\/pflege\/die-einrichtung\/pflegekonzept\/\",\"name\":\"Pflegekonzept | St. Leo-Stift gemeinn\u00fctzige GmbH\",\"isPartOf\":{\"@id\":\"https:\/\/www.leo-stift.de\/pflege\/#website\"},\"datePublished\":\"2018-05-15T12:45:33+00:00\",\"dateModified\":\"2018-05-29T10:59:51+00:00\",\"breadcrumb\":{\"@id\":\"https:\/\/www.leo-stift.de\/pflege\/die-einrichtung\/pflegekonzept\/#breadcrumb\"},\"inLanguage\":\"de\",\"potentialAction\":[{\"@type\":\"ReadAction\",\"target\":[\"https:\/\/www.leo-stift.de\/pflege\/die-einrichtung\/pflegekonzept\/\"]}]},{\"@type\":\"BreadcrumbList\",\"@id\":\"https:\/\/www.leo-stift.de\/pflege\/die-einrichtung\/pflegekonzept\/#breadcrumb\",\"itemListElement\":[{\"@type\":\"ListItem\",\"position\":1,\"name\":\"Startseite\",\"item\":\"https:\/\/www.leo-stift.de\/pflege\/\"},{\"@type\":\"ListItem\",\"position\":2,\"name\":\"Die Einrichtung\",\"item\":\"https:\/\/www.leo-stift.de\/pflege\/die-einrichtung\/\"},{\"@type\":\"ListItem\",\"position\":3,\"name\":\"Pflegekonzept\"}]}]}<\/script>\n<!-- \/ Yoast SEO plugin. -->","yoast_head_json":{"title":"Pflegekonzept | St. Leo-Stift gemeinn\u00fctzige GmbH","robots":{"index":"index","follow":"follow","max-snippet":"max-snippet:-1","max-image-preview":"max-image-preview:large","max-video-preview":"max-video-preview:-1"},"canonical":"https:\/\/www.leo-stift.de\/pflege\/die-einrichtung\/pflegekonzept\/","og_locale":"de_DE","og_type":"article","og_title":"Pflegekonzept | St. Leo-Stift gemeinn\u00fctzige GmbH","og_description":"[vc_row][vc_column][mk_padding_divider size=&#8220;120&#8243;][\/vc_column][\/vc_row][vc_row][vc_column width=&#8220;1\/2&#8243;][mk_fancy_title tag_name=&#8220;h1&#8243; color=&#8220;#454545&#8243; size=&#8220;35&#8243; force_font_size=&#8220;true&#8220; size_phone=&#8220;30&#8243; font_weight=&#8220;300&#8243; txt_transform=&#8220;none&#8220; margin_bottom=&#8220;0&#8243; font_family=&#8220;none&#8220; responsive_align=&#8220;left&#8220;]Unser Pflegekonzept[\/mk_fancy_title][vc_column_text disable_pattern=&#8220;false&#8220; css=&#8220;.vc_custom_1526393581729{margin-bottom: 0px !important;}&#8220;]Im Vordergrund unserer Arbeit steht der Mensch in seinem jeweiligen Lebensabschnitt. \u00a0Wir bieten pflegebed\u00fcrftigen und altersverwirrten (dementen) Menschen ein \u00b4Zuhause\u00b4. Unser Ziel ist es, dass sich alle unsere Bewohner wohl und sicher bei uns f\u00fchlen. Dabei sind wir [&hellip;]","og_url":"https:\/\/www.leo-stift.de\/pflege\/die-einrichtung\/pflegekonzept\/","og_site_name":"St. Leo-Stift gemeinn\u00fctzige GmbH","article_modified_time":"2018-05-29T10:59:51+00:00","twitter_card":"summary_large_image","twitter_misc":{"Gesch\u00e4tzte Lesezeit":"5\u00a0Minuten"},"schema":{"@context":"https:\/\/schema.org","@graph":[{"@type":"Organization","@id":"https:\/\/www.leo-stift.de\/pflege\/#organization","name":"St. Leo-Stift gemeinn\u00fctzige GmbH","url":"https:\/\/www.leo-stift.de\/pflege\/","sameAs":[],"logo":{"@type":"ImageObject","@id":"https:\/\/www.leo-stift.de\/pflege\/#logo","inLanguage":"de","url":"https:\/\/www.leo-stift.de\/pflege\/wp-content\/uploads\/2018\/05\/logo.png","contentUrl":"https:\/\/www.leo-stift.de\/pflege\/wp-content\/uploads\/2018\/05\/logo.png","width":1223,"height":287,"caption":"St. Leo-Stift gemeinn\u00fctzige GmbH"},"image":{"@id":"https:\/\/www.leo-stift.de\/pflege\/#logo"}},{"@type":"WebSite","@id":"https:\/\/www.leo-stift.de\/pflege\/#website","url":"https:\/\/www.leo-stift.de\/pflege\/","name":"St. Leo-Stift gemeinn\u00fctzige GmbH","description":"Herzlich Willkommen","publisher":{"@id":"https:\/\/www.leo-stift.de\/pflege\/#organization"},"potentialAction":[{"@type":"SearchAction","target":{"@type":"EntryPoint","urlTemplate":"https:\/\/www.leo-stift.de\/pflege\/?s={search_term_string}"},"query-input":"required name=search_term_string"}],"inLanguage":"de"},{"@type":"WebPage","@id":"https:\/\/www.leo-stift.de\/pflege\/die-einrichtung\/pflegekonzept\/#webpage","url":"https:\/\/www.leo-stift.de\/pflege\/die-einrichtung\/pflegekonzept\/","name":"Pflegekonzept | St. Leo-Stift gemeinn\u00fctzige GmbH","isPartOf":{"@id":"https:\/\/www.leo-stift.de\/pflege\/#website"},"datePublished":"2018-05-15T12:45:33+00:00","dateModified":"2018-05-29T10:59:51+00:00","breadcrumb":{"@id":"https:\/\/www.leo-stift.de\/pflege\/die-einrichtung\/pflegekonzept\/#breadcrumb"},"inLanguage":"de","potentialAction":[{"@type":"ReadAction","target":["https:\/\/www.leo-stift.de\/pflege\/die-einrichtung\/pflegekonzept\/"]}]},{"@type":"BreadcrumbList","@id":"https:\/\/www.leo-stift.de\/pflege\/die-einrichtung\/pflegekonzept\/#breadcrumb","itemListElement":[{"@type":"ListItem","position":1,"name":"Startseite","item":"https:\/\/www.leo-stift.de\/pflege\/"},{"@type":"ListItem","position":2,"name":"Die Einrichtung","item":"https:\/\/www.leo-stift.de\/pflege\/die-einrichtung\/"},{"@type":"ListItem","position":3,"name":"Pflegekonzept"}]}]}},"_links":{"self":[{"href":"https:\/\/www.leo-stift.de\/pflege\/wp-json\/wp\/v2\/pages\/198","targetHints":{"allow":["GET"]}}],"collection":[{"href":"https:\/\/www.leo-stift.de\/pflege\/wp-json\/wp\/v2\/pages"}],"about":[{"href":"https:\/\/www.leo-stift.de\/pflege\/wp-json\/wp\/v2\/types\/page"}],"author":[{"embeddable":true,"href":"https:\/\/www.leo-stift.de\/pflege\/wp-json\/wp\/v2\/users\/1"}],"replies":[{"embeddable":true,"href":"https:\/\/www.leo-stift.de\/pflege\/wp-json\/wp\/v2\/comments?post=198"}],"version-history":[{"count":6,"href":"https:\/\/www.leo-stift.de\/pflege\/wp-json\/wp\/v2\/pages\/198\/revisions"}],"predecessor-version":[{"id":486,"href":"https:\/\/www.leo-stift.de\/pflege\/wp-json\/wp\/v2\/pages\/198\/revisions\/486"}],"up":[{"embeddable":true,"href":"https:\/\/www.leo-stift.de\/pflege\/wp-json\/wp\/v2\/pages\/196"}],"wp:attachment":[{"href":"https:\/\/www.leo-stift.de\/pflege\/wp-json\/wp\/v2\/media?parent=198"}],"curies":[{"name":"wp","href":"https:\/\/api.w.org\/{rel}","templated":true}]}}